{"id":785,"date":"2022-01-31T10:30:00","date_gmt":"2022-01-31T09:30:00","guid":{"rendered":"https:\/\/lendewell.com\/histoires\/?post_type=podcast&#038;p=785"},"modified":"2022-01-11T11:40:50","modified_gmt":"2022-01-11T10:40:50","slug":"calendrier-de-lapres-2021-jour-31","status":"publish","type":"podcast","link":"https:\/\/lendewell.com\/histoires\/podcast\/calendrier-de-lapres-2021-jour-31\/","title":{"rendered":"Calendrier de l&rsquo;Apr\u00e8s 2021, Jour 31"},"content":{"rendered":"\n<p>Bonjour et bienvenue dans je conte jusqu\u2019\u00e0 toi, votre podcast d\u2019histoire.<\/p>\n\n\n\n<p>En ce dernier jour, voici le\u00a0dernier th\u00e8me, toujours donn\u00e9 par\u00a0<a href=\"https:\/\/twitter.com\/KouignAmandine\">Amandine\u00a0<\/a>de\u00a0<a href=\"https:\/\/twitter.com\/LibrairieYokai\">La Librairie Yokai<\/a>, sur la liste de\u00a0<a href=\"https:\/\/twitter.com\/nanochimeres\">Nanochim\u00e8res<\/a><\/p>\n\n\n\n<p>Texte:\u00a0<br><\/p>\n\n\n\n<p>&nbsp;Elle regarda les derniers mots s&rsquo;\u00e9crire sur l&rsquo;\u00e9cran de son casque et enleva son implant c\u00e9r\u00e9bral. Franchement,ce programme d&rsquo;\u00e9criture de vie automatique \u00e9tait nul.&nbsp; Elle \u00e9teint l&rsquo;Unit\u00e9 d\u2019Intelligence Artificielle et se va se coucher.<\/p>\n\n\n\n<p>Une petite voix, une pr\u00e9sence, juste l\u00e0, \u00e0 cot\u00e9 d&rsquo;elle dans le noir.&nbsp;<\/p>\n\n\n\n<ul class=\"wp-block-list\"><li>C&rsquo;est moi Tenta, tu m&rsquo;as pas oubli\u00e9?<\/li><\/ul>\n","protected":false},"excerpt":{"rendered":"<p>Bonjour et bienvenue dans je conte jusqu\u2019\u00e0 toi, votre podcast d\u2019histoire. En ce dernier jour, voici le\u00a0dernier th\u00e8me, toujours donn\u00e9 par\u00a0Amandine\u00a0de\u00a0La Librairie Yokai, sur la liste de\u00a0Nanochim\u00e8res Texte:\u00a0 &nbsp;Elle regarda les derniers mots s&rsquo;\u00e9crire sur l&rsquo;\u00e9cran de son casque et enleva son implant c\u00e9r\u00e9bral. Franchement,ce programme d&rsquo;\u00e9criture de vie automatique \u00e9tait nul.&nbsp; Elle \u00e9teint l&rsquo;Unit\u00e9 &hellip; <\/p>\n<p class=\"link-more\"><a href=\"https:\/\/lendewell.com\/histoires\/podcast\/calendrier-de-lapres-2021-jour-31\/\" class=\"more-link\">Continuer la lecture<span class=\"screen-reader-text\"> de &laquo;&nbsp;Calendrier de l&rsquo;Apr\u00e8s 2021, Jour 31&nbsp;&raquo;<\/span><\/a><\/p>\n","protected":false},"author":1,"featured_media":772,"menu_order":0,"comment_status":"open","ping_status":"closed","template":"","meta":{"episode_type":"audio","audio_file":"https:\/\/lendewell.com\/histoires\/wp-content\/uploads\/2022\/01\/J31.mp3","podmotor_file_id":"","podmotor_episode_id":"","cover_image":"","cover_image_id":"","duration":"0:54","filesize":"1.97M","filesize_raw":"2070443","date_recorded":"2022-01-31 10:30:00","explicit":"","block":"","itunes_episode_number":"","itunes_title":"","itunes_season_number":"","itunes_episode_type":""},"tags":[8,25,6],"series":[18],"class_list":["post-785","podcast","type-podcast","status-publish","has-post-thumbnail","hentry","tag-ado-adultes","tag-calendrier","tag-enfants-a-partir-de-8-ans","series-calendrier-de-lavent"],"episode_featured_image":"https:\/\/lendewell.com\/histoires\/wp-content\/uploads\/2022\/01\/J31-mp3-image.jpg","episode_player_image":"https:\/\/lendewell.com\/histoires\/wp-content\/uploads\/2019\/10\/JCJAT_Pomme.png","download_link":"https:\/\/dts.podtrac.com\/redirect.mp3\/lendewell.com\/histoires\/podcast-download\/785\/calendrier-de-lapres-2021-jour-31.mp3","player_link":"https:\/\/dts.podtrac.com\/redirect.mp3\/lendewell.com\/histoires\/podcast-player\/785\/calendrier-de-lapres-2021-jour-31.mp3","audio_player":null,"episode_data":{"playerMode":"dark","subscribeUrls":{"apple_podcasts":{"key":"apple_podcasts","url":"","label":"Apple Podcasts","class":"apple_podcasts","icon":"apple-podcasts.png"},"deezer":{"key":"deezer","url":"","label":"Deezer","class":"deezer","icon":"deezer.png"},"google_podcasts":{"key":"google_podcasts","url":"","label":"Google Podcasts","class":"google_podcasts","icon":"google-podcasts.png"},"pocketcasts":{"key":"pocketcasts","url":"","label":"PocketCasts","class":"pocketcasts","icon":"pocketcasts.png"},"podcast_addict":{"key":"podcast_addict","url":"","label":"Podcast Addict","class":"podcast_addict","icon":"podcast-addict.png"},"podtail":{"key":"podtail","url":"","label":"Podtail","class":"podtail","icon":"podtail.png"},"rss":{"key":"rss","url":"","label":"RSS","class":"rss","icon":"rss.png"},"spotify":{"key":"spotify","url":"","label":"Spotify","class":"spotify","icon":"spotify.png"},"youtube":{"key":"youtube","url":"","label":"YouTube","class":"youtube","icon":"youtube.png"},"itunes":{"key":"itunes","url":"","label":"iTunes","class":"itunes","icon":"itunes.png"}},"rssFeedUrl":"https:\/\/lendewell.com\/histoires\/feed\/podcast\/calendrier-de-lavent","embedCode":"<blockquote class=\"wp-embedded-content\" data-secret=\"ORWCHRfG1y\"><a href=\"https:\/\/lendewell.com\/histoires\/podcast\/calendrier-de-lapres-2021-jour-31\/\">Calendrier de l&rsquo;Apr\u00e8s 2021, Jour 31<\/a><\/blockquote><iframe sandbox=\"allow-scripts\" security=\"restricted\" src=\"https:\/\/lendewell.com\/histoires\/podcast\/calendrier-de-lapres-2021-jour-31\/embed\/#?secret=ORWCHRfG1y\" width=\"500\" height=\"350\" title=\"\u00ab\u00a0Calendrier de l&rsquo;Apr\u00e8s 2021, Jour 31\u00a0\u00bb &#8212; \" data-secret=\"ORWCHRfG1y\" frameborder=\"0\" marginwidth=\"0\" marginheight=\"0\" scrolling=\"no\" class=\"wp-embedded-content\"><\/iframe><script>\n\/*! This file is auto-generated *\/\n!function(d,l){\"use strict\";l.querySelector&&d.addEventListener&&\"undefined\"!=typeof URL&&(d.wp=d.wp||{},d.wp.receiveEmbedMessage||(d.wp.receiveEmbedMessage=function(e){var t=e.data;if((t||t.secret||t.message||t.value)&&!\/[^a-zA-Z0-9]\/.test(t.secret)){for(var s,r,n,a=l.querySelectorAll('iframe[data-secret=\"'+t.secret+'\"]'),o=l.querySelectorAll('blockquote[data-secret=\"'+t.secret+'\"]'),c=new RegExp(\"^https?:$\",\"i\"),i=0;i<o.length;i++)o[i].style.display=\"none\";for(i=0;i<a.length;i++)s=a[i],e.source===s.contentWindow&&(s.removeAttribute(\"style\"),\"height\"===t.message?(1e3<(r=parseInt(t.value,10))?r=1e3:~~r<200&&(r=200),s.height=r):\"link\"===t.message&&(r=new URL(s.getAttribute(\"src\")),n=new URL(t.value),c.test(n.protocol))&&n.host===r.host&&l.activeElement===s&&(d.top.location.href=t.value))}},d.addEventListener(\"message\",d.wp.receiveEmbedMessage,!1),l.addEventListener(\"DOMContentLoaded\",function(){for(var e,t,s=l.querySelectorAll(\"iframe.wp-embedded-content\"),r=0;r<s.length;r++)(t=(e=s[r]).getAttribute(\"data-secret\"))||(t=Math.random().toString(36).substring(2,12),e.src+=\"#?secret=\"+t,e.setAttribute(\"data-secret\",t)),e.contentWindow.postMessage({message:\"ready\",secret:t},\"*\")},!1)))}(window,document);\n<\/script>\n"},"jetpack_sharing_enabled":true,"_links":{"self":[{"href":"https:\/\/lendewell.com\/histoires\/wp-json\/wp\/v2\/podcast\/785","targetHints":{"allow":["GET"]}}],"collection":[{"href":"https:\/\/lendewell.com\/histoires\/wp-json\/wp\/v2\/podcast"}],"about":[{"href":"https:\/\/lendewell.com\/histoires\/wp-json\/wp\/v2\/types\/podcast"}],"author":[{"embeddable":true,"href":"https:\/\/lendewell.com\/histoires\/wp-json\/wp\/v2\/users\/1"}],"replies":[{"embeddable":true,"href":"https:\/\/lendewell.com\/histoires\/wp-json\/wp\/v2\/comments?post=785"}],"wp:featuredmedia":[{"embeddable":true,"href":"https:\/\/lendewell.com\/histoires\/wp-json\/wp\/v2\/media\/772"}],"wp:attachment":[{"href":"https:\/\/lendewell.com\/histoires\/wp-json\/wp\/v2\/media?parent=785"}],"wp:term":[{"taxonomy":"post_tag","embeddable":true,"href":"https:\/\/lendewell.com\/histoires\/wp-json\/wp\/v2\/tags?post=785"},{"taxonomy":"series","embeddable":true,"href":"https:\/\/lendewell.com\/histoires\/wp-json\/wp\/v2\/series?post=785"}],"curies":[{"name":"wp","href":"https:\/\/api.w.org\/{rel}","templated":true}]}}