{"id":526,"date":"2021-03-11T18:47:03","date_gmt":"2021-03-11T17:47:03","guid":{"rendered":"https:\/\/lendewell.com\/histoires\/?page_id=526"},"modified":"2023-03-23T16:19:16","modified_gmt":"2023-03-23T15:19:16","slug":"presse","status":"publish","type":"page","link":"https:\/\/lendewell.com\/histoires\/presse\/","title":{"rendered":"PRESSE"},"content":{"rendered":"\n<p>Petite pub maison. Vous avez besoin d&rsquo;un monteur son, d&rsquo;une voix? Je vous fait \u00e9talage de mes talents \ud83d\ude42 <\/p>\n\n\n\n<figure class=\"wp-block-embed is-type-rich is-provider-prise-en-charge-des-contenus-embarques wp-block-embed-prise-en-charge-des-contenus-embarques wp-embed-aspect-16-9 wp-has-aspect-ratio\"><div class=\"wp-block-embed__wrapper\">\n<iframe loading=\"lazy\" title=\"Quand ton envie de faire ta pub croise la Cit\u00e9 de la peur\" width=\"525\" height=\"295\" src=\"https:\/\/www.youtube.com\/embed\/NhFPMa5fFKg?feature=oembed\" frameborder=\"0\" allow=\"accelerometer; autoplay; clipboard-write; encrypted-media; gyroscope; picture-in-picture; web-share\" referrerpolicy=\"strict-origin-when-cross-origin\" allowfullscreen><\/iframe>\n<\/div><\/figure>\n\n\n\n<p><\/p>\n\n\n\n<p><em><strong>Ils en parlent: <\/strong><\/em><br>Le petit moment \u00ab\u00a0on parle de moi, c&rsquo;est ici \\o\/  N&rsquo;h\u00e9sitez pas vous aussi \u00e0 parler de mes merveilleuses histoires (ben quoi?) :<\/p>\n\n\n\n<p><a href=\"https:\/\/www.monanalyse.fr\/lollyconte-n140.html\">Maitre Roger, l&rsquo;analyste supr\u00eame du blog #monAnalyse<\/a>: D\u00e9cembre 2021<br>O\u00f9 j&rsquo;ai eu l&rsquo;immense \u00e9norme honneur de r\u00e9pondre a des questions sur la vie, l&rsquo;univers et le podcast dans une ambiance cosy et d\u00e9tendue <\/p>\n\n\n\n<p><a href=\"https:\/\/rcf.fr\/la-matinale\/je-conte-jusqu-toi-un-podcast-de-rentree-pour-les-enfants\" data-type=\"URL\" data-id=\"https:\/\/rcf.fr\/la-matinale\/je-conte-jusqu-toi-un-podcast-de-rentree-pour-les-enfants\">RFC- La matinale<\/a>  &#8211; septembre 2019<\/p>\n\n\n\n<p><a href=\"http:\/\/www.mediatheque-rumilly74.fr\/EXPLOITATION\/les-podcasts-de-lavent-2019.aspx\">Calendrier de l&rsquo;Avent 2019 de la M\u00e9diath\u00e8que de Rumilly <\/a> &#8211; d\u00e9cembre 2019<br><a href=\"http:\/\/www.mediatheque-agde.fr\/EXPLOITATION\/journaux.aspx\">Mediath\u00e8que d&rsquo;Adge<\/a> &#8211; <\/p>\n\n\n\n<p><a href=\"http:\/\/F\u00e9d\u00e9ration des parents de la francophonie manitobaine\">https:\/\/www.lafpfm.ca\/balados-pour-familles-et-enfants <\/a>: <strong>F\u00e9d\u00e9ration des parents de la francophonie manitobaine<\/strong><\/p>\n\n\n\n<p><em><strong>Ils m&rsquo;ont diffus\u00e9e:<\/strong><\/em><br><br><a href=\"https:\/\/www.badgeek.fr\/diffusions\/37\/\">Bad geek et radio laser<\/a> en 2019, 2020 et 2021<br><a href=\"https:\/\/www.radiosud.be\/podcasts\/430\/ado-horrifique-avec-holly-yuuki-roxane-ca-zorzi-et-lucifer\/\">Radio Sud, dans le cadre de s&rsquo;\u00e9couter, \u00e7a cont<\/a>e &#8211; Juillet 2020<\/p>\n\n\n\n<p><strong><em>Je suis pass\u00e9e chez eux:<\/em><\/strong><\/p>\n\n\n\n<p><a href=\"https:\/\/www.badgeek.fr\/medias\/i\/5865\/episode-7-jour-des-yokais\/\">La librairie Yokai<\/a>: un peu comme une seconde maison, j&rsquo;y ai racont\u00e9 des histoires qui font peur, voir tr\u00e8s peur et qu&rsquo;on peut retrouver sur leur flux. (du reste c&rsquo;est un tr\u00e8s bon podcast, mangez-en) <\/p>\n\n\n\n<p><a href=\"https:\/\/podcast.ausha.co\/geon-bae\">Geon Bae<\/a>: un podcast sur la Cor\u00e9e et sa culture, j&rsquo;y suis pass\u00e9e pour caus\u00e9 du drama Kingdom. Si vous savez pas ce qu&rsquo;est un drama ou l&rsquo;\u00e9poque Joseon, c&rsquo;est le moment d&rsquo;aller voir. Enfin, plut\u00f4t \u00e9couter =) <\/p>\n\n\n\n<p><a href=\"https:\/\/anchor.fm\/les-nouvelles-voix\/episodes\/7-dcembre-2020--Je-conte-jusqu-toi-Par-Lolly-Conte-ene676\">Nouvelles Voix<\/a>: Ou j&rsquo;explique ce qu&rsquo;est mon podcast et pourquoi je le fais<\/p>\n\n\n\n<p><a href=\"https:\/\/podcast.ausha.co\/certains-l-aiment-a-chaud\/claac-endrier-6-allumeuses-ft-lolly-calendrier-de-l-avent-2020\">CLAAC:<\/a> ou je parle de mon film doudou pr\u00e9f\u00e9r\u00e9s. Du reste c&rsquo;est un tr\u00e8\u00e8\u00e8\u00e8s bon podcast sur le cin\u00e9ma, \u00e0 chaud, ou ils parlent des films vu directement apr\u00e8s leur sortie (du cin\u00e9ma)<\/p>\n\n\n\n<p><a href=\"https:\/\/podcast.ausha.co\/radio-biere-catch\/episode-011\">Radio biere catch:<\/a> ouske je dis que la s\u00e9rie <s>glauw<\/s> <s>glo <\/s> glow, c&rsquo;est trop de la balle <\/p>\n\n\n\n<p><a href=\"https:\/\/www.podplay.com\/da-dk\/podcasts\/1am-105321\/episodes\/retrospective-aphex-twin-part-2-43047099\">1AM:<\/a> Ou je pr\u00eate ma voix pour faire une IA &#8211; ou presque<\/p>\n\n\n\n<p><\/p>\n","protected":false},"excerpt":{"rendered":"<p>Petite pub maison. Vous avez besoin d&rsquo;un monteur son, d&rsquo;une voix? Je vous fait \u00e9talage de mes talents \ud83d\ude42 Ils en parlent: Le petit moment \u00ab\u00a0on parle de moi, c&rsquo;est ici \\o\/ N&rsquo;h\u00e9sitez pas vous aussi \u00e0 parler de mes merveilleuses histoires (ben quoi?) : Maitre Roger, l&rsquo;analyste supr\u00eame du blog #monAnalyse: D\u00e9cembre 2021O\u00f9 j&rsquo;ai &hellip; <\/p>\n<p class=\"link-more\"><a href=\"https:\/\/lendewell.com\/histoires\/presse\/\" class=\"more-link\">Continuer la lecture<span class=\"screen-reader-text\"> de &laquo;&nbsp;PRESSE&nbsp;&raquo;<\/span><\/a><\/p>\n","protected":false},"author":1,"featured_media":529,"parent":0,"menu_order":0,"comment_status":"closed","ping_status":"closed","template":"","meta":{"episode_type":"","audio_file":"","podmotor_file_id":"","podmotor_episode_id":"","cover_image":"","cover_image_id":"","duration":"","filesize":"","filesize_raw":"","date_recorded":"","explicit":"","block":"","itunes_episode_number":"","itunes_title":"","itunes_season_number":"","itunes_episode_type":"","footnotes":""},"class_list":["post-526","page","type-page","status-publish","has-post-thumbnail","hentry"],"jetpack_sharing_enabled":true,"_links":{"self":[{"href":"https:\/\/lendewell.com\/histoires\/wp-json\/wp\/v2\/pages\/526","targetHints":{"allow":["GET"]}}],"collection":[{"href":"https:\/\/lendewell.com\/histoires\/wp-json\/wp\/v2\/pages"}],"about":[{"href":"https:\/\/lendewell.com\/histoires\/wp-json\/wp\/v2\/types\/page"}],"author":[{"embeddable":true,"href":"https:\/\/lendewell.com\/histoires\/wp-json\/wp\/v2\/users\/1"}],"replies":[{"embeddable":true,"href":"https:\/\/lendewell.com\/histoires\/wp-json\/wp\/v2\/comments?post=526"}],"version-history":[{"count":8,"href":"https:\/\/lendewell.com\/histoires\/wp-json\/wp\/v2\/pages\/526\/revisions"}],"predecessor-version":[{"id":990,"href":"https:\/\/lendewell.com\/histoires\/wp-json\/wp\/v2\/pages\/526\/revisions\/990"}],"wp:featuredmedia":[{"embeddable":true,"href":"https:\/\/lendewell.com\/histoires\/wp-json\/wp\/v2\/media\/529"}],"wp:attachment":[{"href":"https:\/\/lendewell.com\/histoires\/wp-json\/wp\/v2\/media?parent=526"}],"curies":[{"name":"wp","href":"https:\/\/api.w.org\/{rel}","templated":true}]}}